{"id":13041,"date":"2023-05-16T10:11:58","date_gmt":"2023-05-16T10:11:58","guid":{"rendered":"http:\/\/clrosquellas.com\/?page_id=13041"},"modified":"2023-11-15T08:08:48","modified_gmt":"2023-11-15T08:08:48","slug":"declaracio-daccessibilitat","status":"publish","type":"page","link":"https:\/\/clrosquellas.com\/ca\/declaracio-daccessibilitat\/","title":{"rendered":"Declaraci\u00f3 d&#8217;accessibilitat"},"content":{"rendered":"\t\t<div data-elementor-type=\"wp-page\" data-elementor-id=\"13041\" class=\"elementor elementor-13041\">\n\t\t\t\t\t\t\t\t\t<section class=\"elementor-section elementor-top-section elementor-element elementor-element-ea234f3 elementor-section-boxed elementor-section-height-default elementor-section-height-default\" data-id=\"ea234f3\" data-element_type=\"section\">\n\t\t\t\t\t\t<div class=\"elementor-container elementor-column-gap-default\">\n\t\t\t\t\t<div class=\"elementor-column elementor-col-100 elementor-top-column elementor-element elementor-element-f2f3d1b\" data-id=\"f2f3d1b\" data-element_type=\"column\">\n\t\t\t<div class=\"elementor-widget-wrap elementor-element-populated\">\n\t\t\t\t\t\t\t\t<div class=\"elementor-element elementor-element-7abe54a elementor-widget elementor-widget-witr_section_t_widget\" data-id=\"7abe54a\" data-element_type=\"widget\" data-widget_type=\"witr_section_t_widget.default\">\n\t\t\t\t<div class=\"elementor-widget-container\">\n\t\t\t\t\t\t\t\t<!-- text widget center -->\n\t\t\t\t\t<div class=\"witr_text_widget\">\n\t\t\t\t\t\t<div class=\"witr_text_widget_inner\">\n\t\t\t\t\t\t\t<!-- text widget top -->\n\t\t\t\t\t\t\t\t\t\t\t\t\t\n\t\t\t\t\t\t\t<!-- text widget middle -->\n\t\t\t\t\t\t\t\t\t\t\t\t\t\t<!-- text widget bottom -->\n\t\t\t\t\t\t\t\t\t\t\t\t\t\n\t\t\t\t\t\t\t<!-- content -->\n\t\t\t\t\t\t\t\t\t\t\t\t\t\t\t<p><p><b>Serveis d\u2019Internet Javajan SL<\/b><span style=\"font-weight: 400;\">,\u00a0 s\u2019ha comprom\u00e8s a fer accessibles els seus llocs web, de conformitat amb el\u00a0 <\/span><a href=\"https:\/\/www.boe.es\/buscar\/act.php?id=BOE-A-2018-12699\" target=\"_blank\" rel=\"noopener\"><b>Real Decreto 1112\/2018<\/b><\/a><span style=\"font-weight: 400;\">, del 7 de setembre, sobre accessibilitat dels llocs web i aplicacions per a dispositius m\u00f2bils, per la qual es trasposa a l'ordenament jur\u00eddic espanyol la <\/span><a href=\"https:\/\/eur-lex.europa.eu\/legal-content\/ES\/TXT\/?uri=uriserv:OJ.L_.2016.327.01.0001.01.SPA&amp;toc=OJ:L:2016:327:FULL\" target=\"_blank\" rel=\"noopener\"><span style=\"font-weight: 400;\">Directiva (UE) 2016\/2102 del Parlamento Europeo y del Consejo<\/span><\/a><span style=\"font-weight: 400;\">.<\/span><\/p><p><span style=\"font-weight: 400;\">La present declaraci\u00f3 d\u2019accessibilitat s\u2019aplica al web<\/span><a href=\"https:\/\/clrosquellas.com\/ca\/\" target=\"_blank\" rel=\"noopener\"><span style=\"font-weight: 400;\"> https:\/\/clrosquellas.com\/<\/span><\/a><\/p><p><strong>Situaci\u00f3 de compliment<\/strong><\/p><p><span style=\"font-weight: 400;\">Aquest lloc web \u00e9s parcialment <\/span><b>\u00a0conforme<\/b><span style=\"font-weight: 400;\"> amb el <\/span><a href=\"https:\/\/www.boe.es\/diario_boe\/txt.php?id=BOE-A-2018-12699\"><b>RD 1112\/2018<\/b><\/a><span style=\"font-weight: 400;\"> a causa de les excepcions i de la manca de conformitat dels aspectes que s'indiquen a continuaci\u00f3.<\/span><\/p><p><strong>Contingut no accessible<\/strong><\/p><p><span style=\"font-weight: 400;\">El contingut que es recull a continuaci\u00f3 no \u00e9s accessible pel seg\u00fcent:<\/span><\/p><ol><li style=\"font-weight: 400;\" aria-level=\"1\"><b>Falta de conformitat amb el\u00a0 RD 1112\/2018<\/b><ul><li style=\"font-weight: 400;\" aria-level=\"2\"><span style=\"font-weight: 400;\">A causa de l'automatitzaci\u00f3 d'algunes de les publicacions podrien existir p\u00e0gines amb un incorrecte nidament d'etiquetes HTML.<\/span><\/li><li style=\"font-weight: 400;\" aria-level=\"2\"><span style=\"font-weight: 400;\">Hi ha documents en format PDF que no compleixen amb la normativa.<\/span><\/li><li style=\"font-weight: 400;\" aria-level=\"2\"><span style=\"font-weight: 400;\">Podrien haver-hi errors puntuals d'edici\u00f3 en alguna p\u00e0gina web.<\/span><\/li><\/ul><\/li><li style=\"font-weight: 400;\" aria-level=\"1\"><b>Carga desproporcionada<\/b><ul><li style=\"font-weight: 400;\" aria-level=\"2\"><span style=\"font-weight: 400;\">No aplica.<\/span><\/li><\/ul><\/li><li style=\"font-weight: 400;\" aria-level=\"1\"><b>Contingut que no entra dins de l'\u00e0mbit de la legislaci\u00f3 aplicable<\/b><ul><li style=\"font-weight: 400;\" aria-level=\"2\"><span style=\"font-weight: 400;\">Fitxers ofim\u00e0tics en PDF o altres formats, aix\u00ed com aplicacions publicades abans del 20 de setembre de 2018 que no compleixin totalment tots els requisits d'accessibilitat.<\/span><\/li><li style=\"font-weight: 400;\" aria-level=\"2\"><span style=\"font-weight: 400;\">Continguts multim\u00e8dia en directe.<\/span><\/li><li style=\"font-weight: 400;\" aria-level=\"2\"><span style=\"font-weight: 400;\">Contingut multim\u00e8dia pregravat publicat abans de l'entrada en vigor del Reial Decret.<\/span><\/li><li style=\"font-weight: 400;\" aria-level=\"2\"><span style=\"font-weight: 400;\">Serveis de mapa en l\u00ednia.<\/span><\/li><\/ul><\/li><\/ol><p><strong>Preparaci\u00f3 d'aquesta declaraci\u00f3 d'accessibilitat<\/strong><\/p><p><span style=\"font-weight: 400;\">Aquesta declaraci\u00f3 va ser preparada el 23 de febrer de 2023 i est\u00e0 basada en els informes d'accessibilitat web del <\/span><a href=\"https:\/\/administracionelectronica.gob.es\/pae_Home\/pae_Estrategias\/pae_Accesibilidad.html\"><b>Observatorio de Accesibilidad<\/b><\/a><span style=\"font-weight: 400;\">.<\/span><\/p><p><span style=\"font-weight: 400;\">La data de la darrera revisi\u00f3 ha estat el 23 de febrer de 2023.<\/span><\/p><p><strong>Observacions i dades de contacte<\/strong><\/p><p><span style=\"font-weight: 400;\">Podeu realitzar <\/span><b>comunicacions <\/b><span style=\"font-weight: 400;\">sobre requisits d'accessibilitat (article 10.2 del RD 1112\/2018) com ara:<\/span><\/p><ul><li style=\"font-weight: 400;\" aria-level=\"1\"><span style=\"font-weight: 400;\">informar sobre qualsevol possible incompliment per part d'aquest lloc web<\/span><\/li><li style=\"font-weight: 400;\" aria-level=\"1\"><span style=\"font-weight: 400;\">transmitir altres <\/span><b>dificultats d\u2019acc\u00e9s<\/b><span style=\"font-weight: 400;\"> al contingut<\/span><\/li><li style=\"font-weight: 400;\" aria-level=\"1\"><span style=\"font-weight: 400;\">formular qualsevol altre <\/span><b>consulta o sugger\u00e8ncia de millora <\/b><span style=\"font-weight: 400;\">relativa a l\u2019accessibilitat del lloc web.<\/span><\/li><\/ul><p><span style=\"font-weight: 400;\">a trav\u00e9s del correu electr\u00f2nic <\/span><a href=\"mailto:info@javajan.com\"><span style=\"font-weight: 400;\">info@javajan.com<\/span><\/a><span style=\"font-weight: 400;\"> indicant en l\u2019assumpte el nom de la p\u00e0gina.<\/span><\/p><p><strong>Contingut opcional<\/strong><\/p><p><span style=\"font-weight: 400;\">Aquest lloc web:<\/span><\/p><ul><li style=\"font-weight: 400;\" aria-level=\"1\"><span style=\"font-weight: 400;\">S'ha dissenyat adaptant-se als est\u00e0ndards i normatives vigents en relaci\u00f3 amb l'accessibilitat, complint amb els punts de verificaci\u00f3 de prioritat 2 (AA) definits a l'especificaci\u00f3 de Pautes d'Accessibilitat al Contingut a la Web (WCAG 2.1).<\/span><\/li><li style=\"font-weight: 400;\" aria-level=\"1\"><span style=\"font-weight: 400;\">Compleix els requisits de la Norma <\/span><a href=\"https:\/\/administracionelectronica.gob.es\/pae_Home\/dam\/jcr:2352eaaf-2ee8-4501-a67b-bb682c6de934\/Norma_UNE-EN_301549.pdf\"><span style=\"font-weight: 400;\">UNE-EN 301549 v1.1.2:2015<\/span><\/a><span style=\"font-weight: 400;\">, considerant les excepcions del Real Decreto 1112\/2018.<\/span><\/li><li style=\"font-weight: 400;\" aria-level=\"1\"><span style=\"font-weight: 400;\">Est\u00e0 dissenyat per a la seva correcta visualitzaci\u00f3 en dispositius d\u2019escriptori, tablet i m\u00f2bils per a una resoluci\u00f3 m\u00ednima de <\/span><b>1280x1024.<\/b><\/li><li style=\"font-weight: 400;\" aria-level=\"1\"><span style=\"font-weight: 400;\">S'ha realitzat utilitzant HTML5 com a llenguatge de marcatge i fulls d'estil CSS 3 pel disseny.<\/span><\/li><\/ul><\/p>\t\t\n\t\t\t\t\t\t\t\t\t\t\t\t\t\t\n\t\t\t\t\t\t\t<!--- List content --->\n\t\t\t\t\t\t\t<div class=\"witr_widget_list\">\n\t\t\t\t\t\t\t\t<ul>\t\t\t\t\t\t\t\n\t\t\t\t\t\t\t\t\t\t\t\t\t\t\t\t\t<\/ul>\n\t\t\t\t\t\t\t\t\t\n\t\t\t\t\t\t\t<\/div>\t\t\t\t\t\t\t\n\t\t\t\t\t\t<\/div>\n\t\t\t\t\t<\/div>\n\n\t\t\t\t\t\t<\/div>\n\t\t\t\t<\/div>\n\t\t\t\t\t<\/div>\n\t\t<\/div>\n\t\t\t\t\t\t\t<\/div>\n\t\t<\/section>\n\t\t\t\t\t\t\t<\/div>\n\t\t","protected":false},"excerpt":{"rendered":"<p>Serveis d\u2019Internet Javajan SL,\u00a0 s\u2019ha comprom\u00e8s a fer accessibles els seus llocs web, de conformitat amb el\u00a0 Real Decreto 1112\/2018, del 7 de setembre, sobre accessibilitat dels llocs web i aplicacions per a dispositius m\u00f2bils, per la qual es trasposa a l&#8217;ordenament jur\u00eddic espanyol la Directiva (UE) 2016\/2102 del Parlamento Europeo y del Consejo. La [&hellip;]<\/p>\n","protected":false},"author":1,"featured_media":0,"parent":0,"menu_order":0,"comment_status":"closed","ping_status":"closed","template":"","meta":{"footnotes":""},"class_list":["post-13041","page","type-page","status-publish","hentry"],"yoast_head":"<!-- This site is optimized with the Yoast SEO plugin v20.8 - https:\/\/yoast.com\/wordpress\/plugins\/seo\/ -->\n<title>Declaraci\u00f3 d&#039;accessibilitat - Comercial Lluis Rosquellas S.L<\/title>\n<meta name=\"robots\" content=\"index, follow, max-snippet:-1, max-image-preview:large, max-video-preview:-1\" \/>\n<link rel=\"canonical\" href=\"https:\/\/clrosquellas.com\/ca\/declaracio-daccessibilitat\/\" \/>\n<meta property=\"og:locale\" content=\"ca_ES\" \/>\n<meta property=\"og:type\" content=\"article\" \/>\n<meta property=\"og:title\" content=\"Declaraci\u00f3 d&#039;accessibilitat - Comercial Lluis Rosquellas S.L\" \/>\n<meta property=\"og:description\" content=\"Serveis d\u2019Internet Javajan SL,\u00a0 s\u2019ha comprom\u00e8s a fer accessibles els seus llocs web, de conformitat amb el\u00a0 Real Decreto 1112\/2018, del 7 de setembre, sobre accessibilitat dels llocs web i aplicacions per a dispositius m\u00f2bils, per la qual es trasposa a l&#8217;ordenament jur\u00eddic espanyol la Directiva (UE) 2016\/2102 del Parlamento Europeo y del Consejo. La [&hellip;]\" \/>\n<meta property=\"og:url\" content=\"https:\/\/clrosquellas.com\/ca\/declaracio-daccessibilitat\/\" \/>\n<meta property=\"og:site_name\" content=\"Comercial Lluis Rosquellas S.L\" \/>\n<meta property=\"article:modified_time\" content=\"2023-11-15T08:08:48+00:00\" \/>\n<meta name=\"twitter:card\" content=\"summary_large_image\" \/>\n<meta name=\"twitter:label1\" content=\"Temps estimat de lectura\" \/>\n\t<meta name=\"twitter:data1\" content=\"3 minuts\" \/>\n<script type=\"application\/ld+json\" class=\"yoast-schema-graph\">{\"@context\":\"https:\/\/schema.org\",\"@graph\":[{\"@type\":\"WebPage\",\"@id\":\"https:\/\/clrosquellas.com\/ca\/declaracio-daccessibilitat\/\",\"url\":\"https:\/\/clrosquellas.com\/ca\/declaracio-daccessibilitat\/\",\"name\":\"Declaraci\u00f3 d'accessibilitat - Comercial Lluis Rosquellas S.L\",\"isPartOf\":{\"@id\":\"https:\/\/clrosquellas.com\/ca\/#website\"},\"datePublished\":\"2023-05-16T10:11:58+00:00\",\"dateModified\":\"2023-11-15T08:08:48+00:00\",\"breadcrumb\":{\"@id\":\"https:\/\/clrosquellas.com\/ca\/declaracio-daccessibilitat\/#breadcrumb\"},\"inLanguage\":\"ca\",\"potentialAction\":[{\"@type\":\"ReadAction\",\"target\":[\"https:\/\/clrosquellas.com\/ca\/declaracio-daccessibilitat\/\"]}]},{\"@type\":\"BreadcrumbList\",\"@id\":\"https:\/\/clrosquellas.com\/ca\/declaracio-daccessibilitat\/#breadcrumb\",\"itemListElement\":[{\"@type\":\"ListItem\",\"position\":1,\"name\":\"Inici\",\"item\":\"https:\/\/clrosquellas.com\/ca\/\"},{\"@type\":\"ListItem\",\"position\":2,\"name\":\"Declaraci\u00f3 d&#8217;accessibilitat\"}]},{\"@type\":\"WebSite\",\"@id\":\"https:\/\/clrosquellas.com\/ca\/#website\",\"url\":\"https:\/\/clrosquellas.com\/ca\/\",\"name\":\"Comercial Lluis Rosquellas S.L\",\"description\":\"\",\"potentialAction\":[{\"@type\":\"SearchAction\",\"target\":{\"@type\":\"EntryPoint\",\"urlTemplate\":\"https:\/\/clrosquellas.com\/ca\/?s={search_term_string}\"},\"query-input\":\"required name=search_term_string\"}],\"inLanguage\":\"ca\"}]}<\/script>\n<!-- \/ Yoast SEO plugin. -->","yoast_head_json":{"title":"Declaraci\u00f3 d'accessibilitat - Comercial Lluis Rosquellas S.L","robots":{"index":"index","follow":"follow","max-snippet":"max-snippet:-1","max-image-preview":"max-image-preview:large","max-video-preview":"max-video-preview:-1"},"canonical":"https:\/\/clrosquellas.com\/ca\/declaracio-daccessibilitat\/","og_locale":"ca_ES","og_type":"article","og_title":"Declaraci\u00f3 d'accessibilitat - Comercial Lluis Rosquellas S.L","og_description":"Serveis d\u2019Internet Javajan SL,\u00a0 s\u2019ha comprom\u00e8s a fer accessibles els seus llocs web, de conformitat amb el\u00a0 Real Decreto 1112\/2018, del 7 de setembre, sobre accessibilitat dels llocs web i aplicacions per a dispositius m\u00f2bils, per la qual es trasposa a l&#8217;ordenament jur\u00eddic espanyol la Directiva (UE) 2016\/2102 del Parlamento Europeo y del Consejo. La [&hellip;]","og_url":"https:\/\/clrosquellas.com\/ca\/declaracio-daccessibilitat\/","og_site_name":"Comercial Lluis Rosquellas S.L","article_modified_time":"2023-11-15T08:08:48+00:00","twitter_card":"summary_large_image","twitter_misc":{"Temps estimat de lectura":"3 minuts"},"schema":{"@context":"https:\/\/schema.org","@graph":[{"@type":"WebPage","@id":"https:\/\/clrosquellas.com\/ca\/declaracio-daccessibilitat\/","url":"https:\/\/clrosquellas.com\/ca\/declaracio-daccessibilitat\/","name":"Declaraci\u00f3 d'accessibilitat - Comercial Lluis Rosquellas S.L","isPartOf":{"@id":"https:\/\/clrosquellas.com\/ca\/#website"},"datePublished":"2023-05-16T10:11:58+00:00","dateModified":"2023-11-15T08:08:48+00:00","breadcrumb":{"@id":"https:\/\/clrosquellas.com\/ca\/declaracio-daccessibilitat\/#breadcrumb"},"inLanguage":"ca","potentialAction":[{"@type":"ReadAction","target":["https:\/\/clrosquellas.com\/ca\/declaracio-daccessibilitat\/"]}]},{"@type":"BreadcrumbList","@id":"https:\/\/clrosquellas.com\/ca\/declaracio-daccessibilitat\/#breadcrumb","itemListElement":[{"@type":"ListItem","position":1,"name":"Inici","item":"https:\/\/clrosquellas.com\/ca\/"},{"@type":"ListItem","position":2,"name":"Declaraci\u00f3 d&#8217;accessibilitat"}]},{"@type":"WebSite","@id":"https:\/\/clrosquellas.com\/ca\/#website","url":"https:\/\/clrosquellas.com\/ca\/","name":"Comercial Lluis Rosquellas S.L","description":"","potentialAction":[{"@type":"SearchAction","target":{"@type":"EntryPoint","urlTemplate":"https:\/\/clrosquellas.com\/ca\/?s={search_term_string}"},"query-input":"required name=search_term_string"}],"inLanguage":"ca"}]}},"_links":{"self":[{"href":"https:\/\/clrosquellas.com\/ca\/wp-json\/wp\/v2\/pages\/13041","targetHints":{"allow":["GET"]}}],"collection":[{"href":"https:\/\/clrosquellas.com\/ca\/wp-json\/wp\/v2\/pages"}],"about":[{"href":"https:\/\/clrosquellas.com\/ca\/wp-json\/wp\/v2\/types\/page"}],"author":[{"embeddable":true,"href":"https:\/\/clrosquellas.com\/ca\/wp-json\/wp\/v2\/users\/1"}],"replies":[{"embeddable":true,"href":"https:\/\/clrosquellas.com\/ca\/wp-json\/wp\/v2\/comments?post=13041"}],"version-history":[{"count":30,"href":"https:\/\/clrosquellas.com\/ca\/wp-json\/wp\/v2\/pages\/13041\/revisions"}],"predecessor-version":[{"id":14925,"href":"https:\/\/clrosquellas.com\/ca\/wp-json\/wp\/v2\/pages\/13041\/revisions\/14925"}],"wp:attachment":[{"href":"https:\/\/clrosquellas.com\/ca\/wp-json\/wp\/v2\/media?parent=13041"}],"curies":[{"name":"wp","href":"https:\/\/api.w.org\/{rel}","templated":true}]}}